{"id":64,"date":"2020-02-29T13:09:04","date_gmt":"2020-02-29T13:09:04","guid":{"rendered":"http:\/\/bv-hohenschaeftlarn.bayern\/?page_id=64"},"modified":"2022-04-29T17:12:40","modified_gmt":"2022-04-29T17:12:40","slug":"chronik","status":"publish","type":"page","link":"https:\/\/bv-hohenschaeftlarn.bayern\/?page_id=64","title":{"rendered":"Chronik"},"content":{"rendered":"\t\t<div data-elementor-type=\"wp-page\" data-elementor-id=\"64\" class=\"elementor elementor-64\">\n\t\t\t\t\t\t<section class=\"elementor-section elementor-top-section elementor-element elementor-element-a3808fc elementor-section-boxed elementor-section-height-default elementor-section-height-default\" data-id=\"a3808fc\" data-element_type=\"section\" data-e-type=\"section\">\n\t\t\t\t\t\t<div class=\"elementor-container elementor-column-gap-default\">\n\t\t\t\t\t<div class=\"elementor-column elementor-col-100 elementor-top-column elementor-element elementor-element-717f3bc\" data-id=\"717f3bc\" data-element_type=\"column\" data-e-type=\"column\">\n\t\t\t<div class=\"elementor-widget-wrap elementor-element-populated\">\n\t\t\t\t\t\t<div class=\"elementor-element elementor-element-2ec88e8 elementor-widget elementor-widget-text-editor\" data-id=\"2ec88e8\" data-element_type=\"widget\" data-e-type=\"widget\" data-widget_type=\"text-editor.default\">\n\t\t\t\t<div class=\"elementor-widget-container\">\n\t\t\t\t\t\t\t\t\t<div>Unter dem Leitspruch \u201eEinigkeit ein festes Band, h\u00e4lt zusammen Leut\u2019 und Land\u201c Wurde der Bufschenverein Hohensch\u00e4ftlarn am 03. Dezember 1905 von der damaligen Blaskapelle gegr\u00fcndet. Seitdem fanden sich die Gr\u00fcndungsmitglieder regelm\u00e4\u00dfig beim Kapuzinerwirt ein.<\/div><div>Die ersten Vereinsmitglieder waren Bauer Hans, Bauer Dionys, B\u00f6ck Bartholom\u00e4us, B\u00f6ck Franz, B\u00f6ck Josef, Bolzmacher Lorenz, Hott Peter, Kreitmayr Paul, Lampl Josef, Leitenbauer Josef, Neumeier Franz, Oberrieder Josef, Schlander Mathias, Schmied Andreas, Schwab Hans, Seitz Hartl, Seitz Michael, Strobl Josef (Hort), Strobl Josef (Glas) und Zach Franz.<\/div>\t\t\t\t\t\t\t\t<\/div>\n\t\t\t\t<\/div>\n\t\t\t\t<div class=\"elementor-element elementor-element-844f940 elementor-widget elementor-widget-image\" data-id=\"844f940\" data-element_type=\"widget\" data-e-type=\"widget\" data-widget_type=\"image.default\">\n\t\t\t\t<div class=\"elementor-widget-container\">\n\t\t\t\t\t\t\t\t\t\t\t\t\t\t\t<img decoding=\"async\" width=\"250\" height=\"187\" src=\"https:\/\/bv-hohenschaeftlarn.bayern\/wp-content\/uploads\/2020\/02\/chronik_1.png\" class=\"attachment-full size-full wp-image-68\" alt=\"\" \/>\t\t\t\t\t\t\t\t\t\t\t\t\t\t\t<\/div>\n\t\t\t\t<\/div>\n\t\t\t\t<div class=\"elementor-element elementor-element-1ce118a elementor-widget elementor-widget-text-editor\" data-id=\"1ce118a\" data-element_type=\"widget\" data-e-type=\"widget\" data-widget_type=\"text-editor.default\">\n\t\t\t\t<div class=\"elementor-widget-container\">\n\t\t\t\t\t\t\t\t\t<p>Zum Gr\u00fcndungsfest haben die Burschen eigens ein Ansteckzeichen anfertigen lassen. Dieses bestand aus einer metallenen Schleife, auf der das Bruderhandsymbol aus Messing und zwei bedruckte gr\u00fcn-wei\u00dfe B\u00e4nder befestigt waren. Diese Festzeichen tauchen auch auf sp\u00e4teren Fotos immer wieder auf und eines ist heute noch im Neuchlanwesen zu besichtigen.<\/p>\t\t\t\t\t\t\t\t<\/div>\n\t\t\t\t<\/div>\n\t\t\t\t<div class=\"elementor-element elementor-element-0d1ba28 elementor-widget elementor-widget-image\" data-id=\"0d1ba28\" data-element_type=\"widget\" data-e-type=\"widget\" data-widget_type=\"image.default\">\n\t\t\t\t<div class=\"elementor-widget-container\">\n\t\t\t\t\t\t\t\t\t\t\t\t\t\t\t<img decoding=\"async\" width=\"181\" height=\"188\" src=\"https:\/\/bv-hohenschaeftlarn.bayern\/wp-content\/uploads\/2020\/02\/chronik_2.png\" class=\"attachment-full size-full wp-image-69\" alt=\"\" \/>\t\t\t\t\t\t\t\t\t\t\t\t\t\t\t<\/div>\n\t\t\t\t<\/div>\n\t\t\t\t<div class=\"elementor-element elementor-element-301b017 elementor-widget elementor-widget-text-editor\" data-id=\"301b017\" data-element_type=\"widget\" data-e-type=\"widget\" data-widget_type=\"text-editor.default\">\n\t\t\t\t<div class=\"elementor-widget-container\">\n\t\t\t\t\t\t\t\t\t<p>Am 06. Mai 1906 stellte zum ersten Mal der Burschenverein einen Maibaum im Rahmen einer Maimusik auf. Damals war der Baumplatz neben dem Wasserturm, an dessen Stelle sich heute das Leichenhaus befindet. Der Burschenverein f\u00ecnanzierte die Maimusik auch damals schon mit der Versteigerung des alten Maibaumes, bei der weit \u00fcber den Wert des Holzes gesteigert wurde.<\/p>\t\t\t\t\t\t\t\t<\/div>\n\t\t\t\t<\/div>\n\t\t\t\t<div class=\"elementor-element elementor-element-8f15b00 elementor-widget elementor-widget-image\" data-id=\"8f15b00\" data-element_type=\"widget\" data-e-type=\"widget\" data-widget_type=\"image.default\">\n\t\t\t\t<div class=\"elementor-widget-container\">\n\t\t\t\t\t\t\t\t\t\t\t\t\t\t\t<img decoding=\"async\" width=\"218\" height=\"119\" src=\"https:\/\/bv-hohenschaeftlarn.bayern\/wp-content\/uploads\/2020\/02\/chronik_3.png\" class=\"attachment-full size-full wp-image-70\" alt=\"\" \/>\t\t\t\t\t\t\t\t\t\t\t\t\t\t\t<\/div>\n\t\t\t\t<\/div>\n\t\t\t\t<div class=\"elementor-element elementor-element-aa9694f elementor-widget elementor-widget-text-editor\" data-id=\"aa9694f\" data-element_type=\"widget\" data-e-type=\"widget\" data-widget_type=\"text-editor.default\">\n\t\t\t\t<div class=\"elementor-widget-container\">\n\t\t\t\t\t\t\t\t\t<p>In den alten Berichten taucht der Burschenverein erst 1917 wieder auf (der Maibaum wurde von einem Auguststurm umgerissen), da das Vereinsleben durch den 1. Weltkrieg unterbrochen wurde. Bis 1919 war Hohensch\u00e4ftlarn ohne Maibaum.<\/p><p>Beim Kranzbinden der Jungfrauen zur Neuaufstellung des Maibaumes wurde man von \u201ewei\u00dfen Offizieren\u201c mit Gewehren \u00fcberrascht und bedroht, dass diese eine Verschw\u00f6rung in der heiteren Dorftradition witterten.<\/p><p>Am 26. Mai 1926 weihte der Verein seine Fahne mit der Fahnenbraut Maria Schmid und Fahnenmutter Agatha Schlander sowie dem Patenverein Gro\u00df- und Kleindingharting. 2012 wurde unsere Vereinsfahne aufwendig restauriert und erstrahlt in neuem Glanz, wor\u00fcber unsere Burschen und Madl\u2019n sehr stolz sind.<\/p>\t\t\t\t\t\t\t\t<\/div>\n\t\t\t\t<\/div>\n\t\t\t\t<div class=\"elementor-element elementor-element-0e90ae1 elementor-widget elementor-widget-image\" data-id=\"0e90ae1\" data-element_type=\"widget\" data-e-type=\"widget\" data-widget_type=\"image.default\">\n\t\t\t\t<div class=\"elementor-widget-container\">\n\t\t\t\t\t\t\t\t\t\t\t\t\t\t\t<img loading=\"lazy\" decoding=\"async\" width=\"202\" height=\"110\" src=\"https:\/\/bv-hohenschaeftlarn.bayern\/wp-content\/uploads\/2020\/02\/chronik_4.png\" class=\"attachment-full size-full wp-image-71\" alt=\"\" \/>\t\t\t\t\t\t\t\t\t\t\t\t\t\t\t<\/div>\n\t\t\t\t<\/div>\n\t\t\t\t<div class=\"elementor-element elementor-element-f13ba47 elementor-widget elementor-widget-text-editor\" data-id=\"f13ba47\" data-element_type=\"widget\" data-e-type=\"widget\" data-widget_type=\"text-editor.default\">\n\t\t\t\t<div class=\"elementor-widget-container\">\n\t\t\t\t\t\t\t\t\t<div>1934 Wurde der Maibaum erstmals an dem Platz aufgestellt, an dem er noch heute steht. Damals lies die Bebauung am Eck Kirchberg &#8211; Schorner Stra\u00dfe noch ein Aufstellen von Hand mit Scherstangen zu.<\/div><div>In der Zeit des Dritten Reiches wurde das Vereinsleben erneut unterbrochen. Nach der Maimusik 1934 wurde der Verein durch das NS-Regime zwangsweise aufgel\u00f6st. Im Jahr 1946 wurde der Verein dann wieder gegr\u00fcndet.<\/div><div>Auch das Laientheaterspiel wurde gepflegt. In guter Erinnerung blieb ein Theaterst\u00fcck, in dem das Leben des \u201eGeorg Jennerwein\u201c geschildert wurde. In den Hauptrollen f\u00fchrten Ludwig Lang, Josef Kreitmayr und Josef Kollma\u00edr den Werdegang des \u201eGirgl von Schliers\u201c vom Wilderer zum Volkshelden auf.<\/div>\t\t\t\t\t\t\t\t<\/div>\n\t\t\t\t<\/div>\n\t\t\t\t<div class=\"elementor-element elementor-element-4e8e24b elementor-widget elementor-widget-image\" data-id=\"4e8e24b\" data-element_type=\"widget\" data-e-type=\"widget\" data-widget_type=\"image.default\">\n\t\t\t\t<div class=\"elementor-widget-container\">\n\t\t\t\t\t\t\t\t\t\t\t\t\t\t\t<img loading=\"lazy\" decoding=\"async\" width=\"225\" height=\"119\" src=\"https:\/\/bv-hohenschaeftlarn.bayern\/wp-content\/uploads\/2020\/02\/chronik_5.png\" class=\"attachment-medium size-medium wp-image-72\" alt=\"\" \/>\t\t\t\t\t\t\t\t\t\t\t\t\t\t\t<\/div>\n\t\t\t\t<\/div>\n\t\t\t\t<div class=\"elementor-element elementor-element-3cdea73 elementor-widget elementor-widget-text-editor\" data-id=\"3cdea73\" data-element_type=\"widget\" data-e-type=\"widget\" data-widget_type=\"text-editor.default\">\n\t\t\t\t<div class=\"elementor-widget-container\">\n\t\t\t\t\t\t\t\t\t<div>Seit 1950 richtet der Burschenverein regelm\u00e4\u00dfig die Maimusik mit dem dazugeh\u00f6renden Maibaumaufstellen aus. Seitdem konnte sich der Verein erstmals in seiner Geschichte \u00fcber einen l\u00e4ngeren Zeitraum hinweg ungest\u00f6rt entwickeln und das alte Brauchtum wiederaufleben lassen. 1980 konnte der Verein dann sein 75-j\u00e4hriges Jubil\u00e4um in gro\u00dfem Rahmen mit Festzelt und umfangreichem Programm feiern. Mittlerweile wird der Maibaum mit Hilfe eines Krans aufgestellt und an einbetonierten Schienen befestigt, da das Risiko, den Baum von Hand aufzustellen, bei den gro\u00dfen Zuschauermengen und der engen Bebauung am doch recht verwinkelten Aufstellplatz am Kirchberg nicht mehr tragbar ist.<\/div><div>Nat\u00fcrlich kommt in unserem katholischen Burschenverein auch das Kirchliche nicht zu kurz. Jedes Jahr treffen sich die Madln zum Binden der Girlanden f\u00fcr Fronleichnam, um damit die Marienstatuen zu schm\u00fccken und diese beim Kirchenzug zu tragen. Zudem ist unsere Fahnenabordnung regelm\u00e4\u00dfig auf Kirchenz\u00fcgen und Fahnenweihen vertreten.<\/div><div>Seit 1980 richten die Burschen das Weinfest im Glas\u2019n Stadl aus, welches mittlerweile zum festen Bestandteil des und Unterhaltungsmusik verschiedene Pf\u00e4lzer Weine ausgeschenkt und diverse Brotzeiten gereicht. Besonderer Beliebtheit erfreut sich die Bar beim Weinfest, in der zu vorger\u00fcckter Stunde H\u00f6herprozentiges ausgeschenkt wird.<\/div><div>Am 29. Juli 2001 rief der Burschenverein die Sautrogregatta wieder ins Leben und veranstaltet diese seitdem jedes Jahr Ende Juli am Mockweiher in Kloster Sch\u00e4ftlarn. Die Sautrogregatta wurde bis 1988 von der jungen Mannschaft ausgerichtet, wobei bis zu 6000 Zuschauer nebst Fernsehen zu Gast waren. Obwohl der Burschenverein bisher deutlich weniger Zuschauer an den Weiher locken konnte, sind die Veranstalter dennoch sehr zufrieden, da das Publikum immer eine atemberaubende Atmosph\u00e4re schafft.<\/div>\t\t\t\t\t\t\t\t<\/div>\n\t\t\t\t<\/div>\n\t\t\t\t<div class=\"elementor-element elementor-element-e9f1ada elementor-widget elementor-widget-image\" data-id=\"e9f1ada\" data-element_type=\"widget\" data-e-type=\"widget\" data-widget_type=\"image.default\">\n\t\t\t\t<div class=\"elementor-widget-container\">\n\t\t\t\t\t\t\t\t\t\t\t\t\t\t\t<img loading=\"lazy\" decoding=\"async\" width=\"183\" height=\"118\" src=\"https:\/\/bv-hohenschaeftlarn.bayern\/wp-content\/uploads\/2020\/02\/chronik_6.png\" class=\"attachment-medium size-medium wp-image-73\" alt=\"\" \/>\t\t\t\t\t\t\t\t\t\t\t\t\t\t\t<\/div>\n\t\t\t\t<\/div>\n\t\t\t\t<div class=\"elementor-element elementor-element-f002408 elementor-widget elementor-widget-text-editor\" data-id=\"f002408\" data-element_type=\"widget\" data-e-type=\"widget\" data-widget_type=\"text-editor.default\">\n\t\t\t\t<div class=\"elementor-widget-container\">\n\t\t\t\t\t\t\t\t\t<p>Das Jahr 2005 steht f\u00fcr den BV vor allem im Zeichen der Maimusik und den direkt im Anschluss stattfindenden Feierlichkeiten zum 100-j\u00e4hrigen Bestehen. Die Festtage sind der lohnende Abschluss einer mehrmonatigen Vorbereitung, in der Vereinsmitglieder und auch sehr viele andere Sch\u00e4ftlarner zusammen geholfen haben, um die organisatorischen und handwerklichen Aufgaben zu meistern.<\/p><p>Im Jahr 2008 richtet der BV erstmals die Rocknacht mit dem Namen Kandl-Gaudi aus. Das Highlight der Veranstaltung sind die 1 Liter Gie\u00dfkandl, aus denen man die Bargetr\u00e4nke genie\u00dfen kann. Das Fest, welches von dort an j\u00e4hrlich Ende August\/ Anfang September auf das Weinfest folgend ausgerichtet wird, zeichnet sich schnell als gro\u00dfer Erfolg heraus.<\/p>\t\t\t\t\t\t\t\t<\/div>\n\t\t\t\t<\/div>\n\t\t\t\t\t<\/div>\n\t\t<\/div>\n\t\t\t\t\t<\/div>\n\t\t<\/section>\n\t\t\t\t<section class=\"elementor-section elementor-top-section elementor-element elementor-element-925083b elementor-section-boxed elementor-section-height-default elementor-section-height-default\" data-id=\"925083b\" data-element_type=\"section\" data-e-type=\"section\">\n\t\t\t\t\t\t<div class=\"elementor-container elementor-column-gap-default\">\n\t\t\t\t\t<div class=\"elementor-column elementor-col-100 elementor-top-column elementor-element elementor-element-0a4bf79\" data-id=\"0a4bf79\" data-element_type=\"column\" data-e-type=\"column\">\n\t\t\t<div class=\"elementor-widget-wrap elementor-element-populated\">\n\t\t\t\t\t\t<div class=\"elementor-element elementor-element-1bf98b4 elementor-widget elementor-widget-image\" data-id=\"1bf98b4\" data-element_type=\"widget\" data-e-type=\"widget\" data-widget_type=\"image.default\">\n\t\t\t\t<div class=\"elementor-widget-container\">\n\t\t\t\t\t\t\t\t\t\t\t\t\t\t\t<img loading=\"lazy\" decoding=\"async\" width=\"300\" height=\"276\" src=\"https:\/\/bv-hohenschaeftlarn.bayern\/wp-content\/uploads\/2022\/04\/watering-can-2830161_1280-300x276.png\" class=\"attachment-medium size-medium wp-image-272\" alt=\"\" srcset=\"https:\/\/bv-hohenschaeftlarn.bayern\/wp-content\/uploads\/2022\/04\/watering-can-2830161_1280-300x276.png 300w, https:\/\/bv-hohenschaeftlarn.bayern\/wp-content\/uploads\/2022\/04\/watering-can-2830161_1280-1024x941.png 1024w, https:\/\/bv-hohenschaeftlarn.bayern\/wp-content\/uploads\/2022\/04\/watering-can-2830161_1280-768x706.png 768w, https:\/\/bv-hohenschaeftlarn.bayern\/wp-content\/uploads\/2022\/04\/watering-can-2830161_1280-e1649751106652.png 200w\" sizes=\"(max-width: 300px) 100vw, 300px\" \/>\t\t\t\t\t\t\t\t\t\t\t\t\t\t\t<\/div>\n\t\t\t\t<\/div>\n\t\t\t\t<div class=\"elementor-element elementor-element-860749d elementor-widget elementor-widget-spacer\" data-id=\"860749d\" data-element_type=\"widget\" data-e-type=\"widget\" data-widget_type=\"spacer.default\">\n\t\t\t\t<div class=\"elementor-widget-container\">\n\t\t\t\t\t\t\t<div class=\"elementor-spacer\">\n\t\t\t<div class=\"elementor-spacer-inner\"><\/div>\n\t\t<\/div>\n\t\t\t\t\t\t<\/div>\n\t\t\t\t<\/div>\n\t\t\t\t\t<\/div>\n\t\t<\/div>\n\t\t\t\t\t<\/div>\n\t\t<\/section>\n\t\t\t\t<section class=\"elementor-section elementor-top-section elementor-element elementor-element-2bfcfdd elementor-section-boxed elementor-section-height-default elementor-section-height-default\" data-id=\"2bfcfdd\" data-element_type=\"section\" data-e-type=\"section\">\n\t\t\t\t\t\t<div class=\"elementor-container elementor-column-gap-default\">\n\t\t\t\t\t<div class=\"elementor-column elementor-col-100 elementor-top-column elementor-element elementor-element-d6f5e8d\" data-id=\"d6f5e8d\" data-element_type=\"column\" data-e-type=\"column\">\n\t\t\t<div class=\"elementor-widget-wrap elementor-element-populated\">\n\t\t\t\t\t\t<div class=\"elementor-element elementor-element-647ec5a elementor-widget elementor-widget-text-editor\" data-id=\"647ec5a\" data-element_type=\"widget\" data-e-type=\"widget\" data-widget_type=\"text-editor.default\">\n\t\t\t\t<div class=\"elementor-widget-container\">\n\t\t\t\t\t\t\t\t\t<p>Leider mussten wir die Sautrogregatta im Jahr 2011 aufgeben, da es inzwischen im Umkreis um Sch\u00e4ftlarn so viele Sautrogregatten gab, dass das Spektakel nicht mehr so popul\u00e4r war. Infolge dessen kamen jedes Jahr weniger Besucher und der Aufwand f\u00fcr so eine arbeitsintensive Veranstaltung war enorm. Deshalb entschlossen wir uns die Regatta nicht mehr zu organisieren.<\/p>\t\t\t\t\t\t\t\t<\/div>\n\t\t\t\t<\/div>\n\t\t\t\t\t<\/div>\n\t\t<\/div>\n\t\t\t\t\t<\/div>\n\t\t<\/section>\n\t\t\t\t<section class=\"elementor-section elementor-top-section elementor-element elementor-element-af2e1f6 elementor-section-boxed elementor-section-height-default elementor-section-height-default\" data-id=\"af2e1f6\" data-element_type=\"section\" data-e-type=\"section\">\n\t\t\t\t\t\t<div class=\"elementor-container elementor-column-gap-default\">\n\t\t\t\t\t<div class=\"elementor-column elementor-col-100 elementor-top-column elementor-element elementor-element-eae2cf8\" data-id=\"eae2cf8\" data-element_type=\"column\" data-e-type=\"column\">\n\t\t\t<div class=\"elementor-widget-wrap elementor-element-populated\">\n\t\t\t\t\t\t<div class=\"elementor-element elementor-element-661b823 elementor-widget elementor-widget-image\" data-id=\"661b823\" data-element_type=\"widget\" data-e-type=\"widget\" data-widget_type=\"image.default\">\n\t\t\t\t<div class=\"elementor-widget-container\">\n\t\t\t\t\t\t\t\t\t\t\t\t\t\t\t<img loading=\"lazy\" decoding=\"async\" width=\"300\" height=\"213\" src=\"https:\/\/bv-hohenschaeftlarn.bayern\/wp-content\/uploads\/2022\/04\/Schwein-im-Sautrog-300x213.png\" class=\"attachment-medium size-medium wp-image-273\" alt=\"\" srcset=\"https:\/\/bv-hohenschaeftlarn.bayern\/wp-content\/uploads\/2022\/04\/Schwein-im-Sautrog-300x213.png 300w, https:\/\/bv-hohenschaeftlarn.bayern\/wp-content\/uploads\/2022\/04\/Schwein-im-Sautrog-1024x726.png 1024w, https:\/\/bv-hohenschaeftlarn.bayern\/wp-content\/uploads\/2022\/04\/Schwein-im-Sautrog-768x545.png 768w, https:\/\/bv-hohenschaeftlarn.bayern\/wp-content\/uploads\/2022\/04\/Schwein-im-Sautrog.png 1038w\" sizes=\"(max-width: 300px) 100vw, 300px\" \/>\t\t\t\t\t\t\t\t\t\t\t\t\t\t\t<\/div>\n\t\t\t\t<\/div>\n\t\t\t\t<div class=\"elementor-element elementor-element-fb38fbb elementor-widget elementor-widget-spacer\" data-id=\"fb38fbb\" data-element_type=\"widget\" data-e-type=\"widget\" data-widget_type=\"spacer.default\">\n\t\t\t\t<div class=\"elementor-widget-container\">\n\t\t\t\t\t\t\t<div class=\"elementor-spacer\">\n\t\t\t<div class=\"elementor-spacer-inner\"><\/div>\n\t\t<\/div>\n\t\t\t\t\t\t<\/div>\n\t\t\t\t<\/div>\n\t\t\t\t\t<\/div>\n\t\t<\/div>\n\t\t\t\t\t<\/div>\n\t\t<\/section>\n\t\t\t\t<section class=\"elementor-section elementor-top-section elementor-element elementor-element-af65639 elementor-section-boxed elementor-section-height-default elementor-section-height-default\" data-id=\"af65639\" data-element_type=\"section\" data-e-type=\"section\">\n\t\t\t\t\t\t<div class=\"elementor-container elementor-column-gap-default\">\n\t\t\t\t\t<div class=\"elementor-column elementor-col-100 elementor-top-column elementor-element elementor-element-e9366d9\" data-id=\"e9366d9\" data-element_type=\"column\" data-e-type=\"column\">\n\t\t\t<div class=\"elementor-widget-wrap elementor-element-populated\">\n\t\t\t\t\t\t<div class=\"elementor-element elementor-element-109228e elementor-widget elementor-widget-text-editor\" data-id=\"109228e\" data-element_type=\"widget\" data-e-type=\"widget\" data-widget_type=\"text-editor.default\">\n\t\t\t\t<div class=\"elementor-widget-container\">\n\t\t\t\t\t\t\t\t\t<p>Besonders stolz ist der Burschenverein auf seinen im Jahre 2017 eigens kreierten Lederhosensteg. Das Motiv zeigt die Kirche mit Maibaum und Selcher-Hof im Vordergrund.<\/p>\t\t\t\t\t\t\t\t<\/div>\n\t\t\t\t<\/div>\n\t\t\t\t\t<\/div>\n\t\t<\/div>\n\t\t\t\t\t<\/div>\n\t\t<\/section>\n\t\t\t\t<section class=\"elementor-section elementor-top-section elementor-element elementor-element-d478348 elementor-section-boxed elementor-section-height-default elementor-section-height-default\" data-id=\"d478348\" data-element_type=\"section\" data-e-type=\"section\">\n\t\t\t\t\t\t<div class=\"elementor-container elementor-column-gap-default\">\n\t\t\t\t\t<div class=\"elementor-column elementor-col-100 elementor-top-column elementor-element elementor-element-a8c4040\" data-id=\"a8c4040\" data-element_type=\"column\" data-e-type=\"column\">\n\t\t\t<div class=\"elementor-widget-wrap elementor-element-populated\">\n\t\t\t\t\t\t<div class=\"elementor-element elementor-element-ffd99af elementor-widget elementor-widget-image\" data-id=\"ffd99af\" data-element_type=\"widget\" data-e-type=\"widget\" data-widget_type=\"image.default\">\n\t\t\t\t<div class=\"elementor-widget-container\">\n\t\t\t\t\t\t\t\t\t\t\t\t\t\t\t<img loading=\"lazy\" decoding=\"async\" width=\"300\" height=\"225\" src=\"https:\/\/bv-hohenschaeftlarn.bayern\/wp-content\/uploads\/2022\/04\/Lederhosensteg-300x225.png\" class=\"attachment-medium size-medium wp-image-274\" alt=\"\" srcset=\"https:\/\/bv-hohenschaeftlarn.bayern\/wp-content\/uploads\/2022\/04\/Lederhosensteg-300x225.png 300w, https:\/\/bv-hohenschaeftlarn.bayern\/wp-content\/uploads\/2022\/04\/Lederhosensteg-1024x768.png 1024w, https:\/\/bv-hohenschaeftlarn.bayern\/wp-content\/uploads\/2022\/04\/Lederhosensteg-768x576.png 768w, https:\/\/bv-hohenschaeftlarn.bayern\/wp-content\/uploads\/2022\/04\/Lederhosensteg-1536x1152.png 1536w, https:\/\/bv-hohenschaeftlarn.bayern\/wp-content\/uploads\/2022\/04\/Lederhosensteg-2048x1536.png 2048w\" sizes=\"(max-width: 300px) 100vw, 300px\" \/>\t\t\t\t\t\t\t\t\t\t\t\t\t\t\t<\/div>\n\t\t\t\t<\/div>\n\t\t\t\t<div class=\"elementor-element elementor-element-a493fa2 elementor-widget elementor-widget-spacer\" data-id=\"a493fa2\" data-element_type=\"widget\" data-e-type=\"widget\" data-widget_type=\"spacer.default\">\n\t\t\t\t<div class=\"elementor-widget-container\">\n\t\t\t\t\t\t\t<div class=\"elementor-spacer\">\n\t\t\t<div class=\"elementor-spacer-inner\"><\/div>\n\t\t<\/div>\n\t\t\t\t\t\t<\/div>\n\t\t\t\t<\/div>\n\t\t\t\t\t<\/div>\n\t\t<\/div>\n\t\t\t\t\t<\/div>\n\t\t<\/section>\n\t\t\t\t<section class=\"elementor-section elementor-top-section elementor-element elementor-element-e2ad64e elementor-section-boxed elementor-section-height-default elementor-section-height-default\" data-id=\"e2ad64e\" data-element_type=\"section\" data-e-type=\"section\">\n\t\t\t\t\t\t<div class=\"elementor-container elementor-column-gap-default\">\n\t\t\t\t\t<div class=\"elementor-column elementor-col-100 elementor-top-column elementor-element elementor-element-7dc6992\" data-id=\"7dc6992\" data-element_type=\"column\" data-e-type=\"column\">\n\t\t\t<div class=\"elementor-widget-wrap elementor-element-populated\">\n\t\t\t\t\t\t<div class=\"elementor-element elementor-element-6c3eaba elementor-widget elementor-widget-text-editor\" data-id=\"6c3eaba\" data-element_type=\"widget\" data-e-type=\"widget\" data-widget_type=\"text-editor.default\">\n\t\t\t\t<div class=\"elementor-widget-container\">\n\t\t\t\t\t\t\t\t\t<p>Im Jahre 2018 wird im Zuge des 10 j\u00e4hrigen Jubil\u00e4ums der Kandl-Gaudi ein Burschenfest zum 113 j\u00e4hrigen Bestehen gefeiert. Auf der Wiese hinter dem Sportheim (Verl\u00e4ngerung Wangener Weg), wurde im August das Zelt f\u00fcr 2500 Personen errichtet. Bei ca. 30\u00b0C konnten sich die Besucher unter anderem am Wei\u00dfbierkarussell erfrischen.<\/p>\t\t\t\t\t\t\t\t<\/div>\n\t\t\t\t<\/div>\n\t\t\t\t\t<\/div>\n\t\t<\/div>\n\t\t\t\t\t<\/div>\n\t\t<\/section>\n\t\t\t\t<section class=\"elementor-section elementor-top-section elementor-element elementor-element-0795fda elementor-section-boxed elementor-section-height-default elementor-section-height-default\" data-id=\"0795fda\" data-element_type=\"section\" data-e-type=\"section\">\n\t\t\t\t\t\t<div class=\"elementor-container elementor-column-gap-default\">\n\t\t\t\t\t<div class=\"elementor-column elementor-col-100 elementor-top-column elementor-element elementor-element-b56d558\" data-id=\"b56d558\" data-element_type=\"column\" data-e-type=\"column\">\n\t\t\t<div class=\"elementor-widget-wrap elementor-element-populated\">\n\t\t\t\t\t\t<div class=\"elementor-element elementor-element-981ca07 elementor-widget elementor-widget-image\" data-id=\"981ca07\" data-element_type=\"widget\" data-e-type=\"widget\" data-widget_type=\"image.default\">\n\t\t\t\t<div class=\"elementor-widget-container\">\n\t\t\t\t\t\t\t\t\t\t\t\t\t\t\t<img loading=\"lazy\" decoding=\"async\" width=\"300\" height=\"165\" src=\"https:\/\/bv-hohenschaeftlarn.bayern\/wp-content\/uploads\/2022\/04\/Gruppenbild-Kandlgaudi-2018-300x165.png\" class=\"attachment-medium size-medium wp-image-275\" alt=\"\" srcset=\"https:\/\/bv-hohenschaeftlarn.bayern\/wp-content\/uploads\/2022\/04\/Gruppenbild-Kandlgaudi-2018-300x165.png 300w, https:\/\/bv-hohenschaeftlarn.bayern\/wp-content\/uploads\/2022\/04\/Gruppenbild-Kandlgaudi-2018-1024x564.png 1024w, https:\/\/bv-hohenschaeftlarn.bayern\/wp-content\/uploads\/2022\/04\/Gruppenbild-Kandlgaudi-2018-768x423.png 768w, https:\/\/bv-hohenschaeftlarn.bayern\/wp-content\/uploads\/2022\/04\/Gruppenbild-Kandlgaudi-2018.png 1464w\" sizes=\"(max-width: 300px) 100vw, 300px\" \/>\t\t\t\t\t\t\t\t\t\t\t\t\t\t\t<\/div>\n\t\t\t\t<\/div>\n\t\t\t\t\t<\/div>\n\t\t<\/div>\n\t\t\t\t\t<\/div>\n\t\t<\/section>\n\t\t\t\t<section class=\"elementor-section elementor-top-section elementor-element elementor-element-fed9468 elementor-section-boxed elementor-section-height-default elementor-section-height-default\" data-id=\"fed9468\" data-element_type=\"section\" data-e-type=\"section\">\n\t\t\t\t\t\t<div class=\"elementor-container elementor-column-gap-default\">\n\t\t\t\t\t<div class=\"elementor-column elementor-col-100 elementor-top-column elementor-element elementor-element-7ced964\" data-id=\"7ced964\" data-element_type=\"column\" data-e-type=\"column\">\n\t\t\t<div class=\"elementor-widget-wrap elementor-element-populated\">\n\t\t\t\t\t\t<div class=\"elementor-element elementor-element-7c8205a elementor-widget elementor-widget-spacer\" data-id=\"7c8205a\" data-element_type=\"widget\" data-e-type=\"widget\" data-widget_type=\"spacer.default\">\n\t\t\t\t<div class=\"elementor-widget-container\">\n\t\t\t\t\t\t\t<div class=\"elementor-spacer\">\n\t\t\t<div class=\"elementor-spacer-inner\"><\/div>\n\t\t<\/div>\n\t\t\t\t\t\t<\/div>\n\t\t\t\t<\/div>\n\t\t\t\t<div class=\"elementor-element elementor-element-499d41d elementor-widget elementor-widget-text-editor\" data-id=\"499d41d\" data-element_type=\"widget\" data-e-type=\"widget\" data-widget_type=\"text-editor.default\">\n\t\t\t\t<div class=\"elementor-widget-container\">\n\t\t\t\t\t\t\t\t\t<p>2020, genau zur Maifeier bricht in China das Corona-Virus aus, und legt die ganze Welt lahm. Von den Folgen der Pandemie wird auch der Burschenverein Hohensch\u00e4flarn nicht verschont und ist daher gezwungen, das Bewachen des Maibaums am 17.03.2020 auf bis dahin unbestimmte Zeit abzubrechen. Erst im Juni 2021 konnten die Arbeiten am Baum wieder aufgenommen werden. Am 01.08.2021 war es dann soweit und der \u201eMaibaum\u201c wurde aufgestellt.<\/p>\t\t\t\t\t\t\t\t<\/div>\n\t\t\t\t<\/div>\n\t\t\t\t\t<\/div>\n\t\t<\/div>\n\t\t\t\t\t<\/div>\n\t\t<\/section>\n\t\t\t\t<\/div>\n\t\t","protected":false},"excerpt":{"rendered":"<p>Unter dem Leitspruch \u201eEinigkeit ein festes Band, h\u00e4lt zusammen Leut\u2019 und Land\u201c Wurde der Bufschenverein Hohensch\u00e4ftlarn am 03. Dezember 1905 von der damaligen Blaskapelle gegr\u00fcndet. Seitdem fanden sich die Gr\u00fcndungsmitglieder regelm\u00e4\u00dfig beim Kapuzinerwirt ein.Die ersten Vereinsmitglieder waren Bauer Hans, Bauer Dionys, B\u00f6ck Bartholom\u00e4us, B\u00f6ck Franz, B\u00f6ck Josef, Bolzmacher Lorenz, Hott Peter, Kreitmayr Paul, Lampl Josef, [&hellip;]<\/p>\n","protected":false},"author":1,"featured_media":0,"parent":0,"menu_order":0,"comment_status":"closed","ping_status":"closed","template":"","meta":{"footnotes":""},"class_list":["post-64","page","type-page","status-publish","hentry"],"jetpack_sharing_enabled":true,"_links":{"self":[{"href":"https:\/\/bv-hohenschaeftlarn.bayern\/index.php?rest_route=\/wp\/v2\/pages\/64","targetHints":{"allow":["GET"]}}],"collection":[{"href":"https:\/\/bv-hohenschaeftlarn.bayern\/index.php?rest_route=\/wp\/v2\/pages"}],"about":[{"href":"https:\/\/bv-hohenschaeftlarn.bayern\/index.php?rest_route=\/wp\/v2\/types\/page"}],"author":[{"embeddable":true,"href":"https:\/\/bv-hohenschaeftlarn.bayern\/index.php?rest_route=\/wp\/v2\/users\/1"}],"replies":[{"embeddable":true,"href":"https:\/\/bv-hohenschaeftlarn.bayern\/index.php?rest_route=%2Fwp%2Fv2%2Fcomments&post=64"}],"version-history":[{"count":8,"href":"https:\/\/bv-hohenschaeftlarn.bayern\/index.php?rest_route=\/wp\/v2\/pages\/64\/revisions"}],"predecessor-version":[{"id":283,"href":"https:\/\/bv-hohenschaeftlarn.bayern\/index.php?rest_route=\/wp\/v2\/pages\/64\/revisions\/283"}],"wp:attachment":[{"href":"https:\/\/bv-hohenschaeftlarn.bayern\/index.php?rest_route=%2Fwp%2Fv2%2Fmedia&parent=64"}],"curies":[{"name":"wp","href":"https:\/\/api.w.org\/{rel}","templated":true}]}}